{"id":6373,"date":"2020-04-27T08:11:12","date_gmt":"2020-04-27T08:11:12","guid":{"rendered":"https:\/\/cancortada.com\/la-carta-navidad\/"},"modified":"2021-10-23T12:18:05","modified_gmt":"2021-10-23T12:18:05","slug":"menu-de-nadal","status":"publish","type":"page","link":"https:\/\/cancortada.com\/ca\/menu-de-nadal\/","title":{"rendered":"Men\u00fa de Nadal"},"content":{"rendered":"\t\t<div data-elementor-type=\"wp-page\" data-elementor-id=\"6373\" class=\"elementor elementor-6373 elementor-3233\">\n\t\t\t\t\t\t<section class=\"has_eae_slider elementor-section elementor-top-section elementor-element elementor-element-47b5c8d eltdf-elementor-row-grid-section elementor-section-full_width elementor-section-stretched elementor-section-height-default elementor-section-height-default eltdf-parallax-row-no eltdf-content-aligment-left eltdf-disabled-bg-image-bellow-no\" data-id=\"47b5c8d\" data-element_type=\"section\" data-settings=\"{&quot;stretch_section&quot;:&quot;section-stretched&quot;}\">\n\t\t\t\t\t\t<div class=\"elementor-container elementor-column-gap-default\">\n\t\t\t\t\t<div class=\"has_eae_slider elementor-column elementor-col-100 elementor-top-column elementor-element elementor-element-5a53b0a\" data-id=\"5a53b0a\" data-element_type=\"column\">\n\t\t\t<div class=\"elementor-widget-wrap elementor-element-populated\">\n\t\t\t\t\t\t<div class=\"elementor-element elementor-element-b5b55f5 elementor-widget elementor-widget-eltdf_section_title\" data-id=\"b5b55f5\" data-element_type=\"widget\" data-widget_type=\"eltdf_section_title.default\">\n\t\t\t\t<div class=\"elementor-widget-container\">\n\t\t\t<div class=\"eltdf-section-title-holder    \" style=\"text-align: center\">\n\t<div class=\"eltdf-st-inner\">\n                    <span class=\"eltdf-st-tagline\">\n                2021 - 2022            <\/span>\n        \t\t            <div class=\"eltdf-st-title-holder\">\n                                    <div class=\"decor\"><svg xmlns=\"http:\/\/www.w3.org\/2000\/svg\" width=\"41.125\" height=\"9.146\">\n                            <path fill=\"none\" stroke=\"#9C7C57\" stroke-miterlimit=\"10\" d=\"M40.881 8.576L20.562.591.244 8.576\"\/>\n                            <path fill=\"none\" stroke=\"#9C7C57\" stroke-miterlimit=\"10\" d=\"M40.881.591L20.562 8.576.243.591\"\/>\n                        <\/svg><\/div>\n                                <h1 class=\"eltdf-st-title\" >\n                    Men\u00fa de nadal                <\/h1>\n                                    <div class=\"decor\"><svg xmlns=\"http:\/\/www.w3.org\/2000\/svg\" width=\"41.125\" height=\"9.146\">\n                            <path fill=\"none\" stroke=\"#9C7C57\" stroke-miterlimit=\"10\" d=\"M40.881 8.576L20.562.591.244 8.576\"\/>\n                            <path fill=\"none\" stroke=\"#9C7C57\" stroke-miterlimit=\"10\" d=\"M40.881.591L20.562 8.576.243.591\"\/>\n                        <\/svg><\/div>\n                            <\/div>\n\t\t\t\t\t\t\t<p class=\"eltdf-st-text\" >\n\t\t\t\tCelebra les festes de Nadal amb nosaltres\t\t\t<\/p>\n\t\t\t\t\t<\/div>\n<\/div>\t\t<\/div>\n\t\t\t\t<\/div>\n\t\t\t\t<div class=\"elementor-element elementor-element-1c27ede center elementor-widget elementor-widget-eltdf_button\" data-id=\"1c27ede\" data-element_type=\"widget\" data-widget_type=\"eltdf_button.default\">\n\t\t\t\t<div class=\"elementor-widget-container\">\n\t\t\t<a itemprop=\"url\" href=\"\/wp-content\/uploads\/2021\/10\/Menu-nadal-cc-2021-2022.pdf\" target=\"_blank\"  class=\"eltdf-btn eltdf-btn-medium eltdf-btn-outline\"  >\n        <span class=\"eltdf-btn-text\">Descarregar la carta<\/span>\n        <\/a>\t\t<\/div>\n\t\t\t\t<\/div>\n\t\t\t\t\t<\/div>\n\t\t<\/div>\n\t\t\t\t\t<\/div>\n\t\t<\/section>\n\t\t\t\t<section class=\"has_eae_slider elementor-section elementor-top-section elementor-element elementor-element-daa2db1 eltdf-elementor-row-grid-section elementor-section-boxed elementor-section-height-default elementor-section-height-default eltdf-parallax-row-no eltdf-content-aligment-left eltdf-disabled-bg-image-bellow-no\" data-id=\"daa2db1\" data-element_type=\"section\">\n\t\t\t\t\t\t<div class=\"elementor-container elementor-column-gap-default\">\n\t\t\t\t\t<div class=\"has_eae_slider elementor-column elementor-col-100 elementor-top-column elementor-element elementor-element-1fb962c\" data-id=\"1fb962c\" data-element_type=\"column\">\n\t\t\t<div class=\"elementor-widget-wrap elementor-element-populated\">\n\t\t\t\t\t\t<div class=\"elementor-element elementor-element-b0acace elementor-widget elementor-widget-eltdf_section_title\" data-id=\"b0acace\" data-element_type=\"widget\" data-widget_type=\"eltdf_section_title.default\">\n\t\t\t\t<div class=\"elementor-widget-container\">\n\t\t\t<div class=\"eltdf-section-title-holder    \" style=\"text-align: center\">\n\t<div class=\"eltdf-st-inner\">\n        \t\t            <div class=\"eltdf-st-title-holder\">\n                                <h5 class=\"eltdf-st-title\" >\n                    Aperitiu                <\/h5>\n                            <\/div>\n\t\t\t\t\t\t\t<p class=\"eltdf-st-text\" >\n\t\t\t\tBomb\u00f3 de foie amb chutney de mango<br>Llagost\u00ed cruixent amb salsa romesco\t\t\t<\/p>\n\t\t\t\t\t<\/div>\n<\/div>\t\t<\/div>\n\t\t\t\t<\/div>\n\t\t\t\t<div class=\"elementor-element elementor-element-2e9db04 elementor-widget elementor-widget-eltdf_section_title\" data-id=\"2e9db04\" data-element_type=\"widget\" data-widget_type=\"eltdf_section_title.default\">\n\t\t\t\t<div class=\"elementor-widget-container\">\n\t\t\t<div class=\"eltdf-section-title-holder    \" style=\"text-align: center\">\n\t<div class=\"eltdf-st-inner\">\n        \t\t            <div class=\"eltdf-st-title-holder\">\n                                <h5 class=\"eltdf-st-title\" >\n                    Primer plat                <\/h5>\n                            <\/div>\n\t\t\t\t\t\t\t<p class=\"eltdf-st-text\" >\n\t\t\t\tSopa de Nadal amb galets i mandonguilles<br>o<br>Amanida de llagostins sobre fons de coulis de tom\u00e0quet al perfum d'alf\u00e0brega i vinagreta de mostassa i t\u00f2fona<br>o<br>Eri\u00e7os de mar gratinats\t\t\t<\/p>\n\t\t\t\t\t<\/div>\n<\/div>\t\t<\/div>\n\t\t\t\t<\/div>\n\t\t\t\t<div class=\"elementor-element elementor-element-632297b elementor-widget elementor-widget-eltdf_section_title\" data-id=\"632297b\" data-element_type=\"widget\" data-widget_type=\"eltdf_section_title.default\">\n\t\t\t\t<div class=\"elementor-widget-container\">\n\t\t\t<div class=\"eltdf-section-title-holder    \" style=\"text-align: center\">\n\t<div class=\"eltdf-st-inner\">\n        \t\t            <div class=\"eltdf-st-title-holder\">\n                                <h5 class=\"eltdf-st-title\" >\n                    Plat principal                <\/h5>\n                            <\/div>\n\t\t\t\t\t\t\t<p class=\"eltdf-st-text\" >\n\t\t\t\tTronc de rap amb saltat de bolets de temporada, carxofes i salsa de ceps<br>o<br>Cua de vedella farcida de foie, estofada al vi negre amb crem\u00f3s de celer\u00ed a la regal\u00e8ssia<br>o<br>Pollastre farcit i rostit a la catalana amb salsa de vi dol\u00e7 i compota de poma\t\t\t<\/p>\n\t\t\t\t\t<\/div>\n<\/div>\t\t<\/div>\n\t\t\t\t<\/div>\n\t\t\t\t<div class=\"elementor-element elementor-element-03c7842 elementor-widget elementor-widget-eltdf_section_title\" data-id=\"03c7842\" data-element_type=\"widget\" data-widget_type=\"eltdf_section_title.default\">\n\t\t\t\t<div class=\"elementor-widget-container\">\n\t\t\t<div class=\"eltdf-section-title-holder    \" style=\"text-align: center\">\n\t<div class=\"eltdf-st-inner\">\n        \t\t            <div class=\"eltdf-st-title-holder\">\n                                <h5 class=\"eltdf-st-title\" >\n                    Postres                <\/h5>\n                            <\/div>\n\t\t\t\t\t\t\t<p class=\"eltdf-st-text\" >\n\t\t\t\tTronc de Nadal<br><br>Aigua, caf\u00e8s, tes i infusions<br>Neules i Turrons\t\t\t<\/p>\n\t\t\t\t\t<\/div>\n<\/div>\t\t<\/div>\n\t\t\t\t<\/div>\n\t\t\t\t<div class=\"elementor-element elementor-element-fe579c2 elementor-widget elementor-widget-eltdf_section_title\" data-id=\"fe579c2\" data-element_type=\"widget\" data-widget_type=\"eltdf_section_title.default\">\n\t\t\t\t<div class=\"elementor-widget-container\">\n\t\t\t<div class=\"eltdf-section-title-holder    \" style=\"text-align: center\">\n\t<div class=\"eltdf-st-inner\">\n        \t\t            <div class=\"eltdf-st-title-holder\">\n                                <h5 class=\"eltdf-st-title\" >\n                    Celler                <\/h5>\n                            <\/div>\n\t\t\t\t\t\t\t<p class=\"eltdf-st-text\" >\n\t\t\t\tVi blanc: Analivia (D.O. Rueda)<br>Vi negre: Arnegui Reserva (D.O. Rioja)<br>Cava: Freixenet Vintage Reserva\t\t\t<\/p>\n\t\t\t\t\t<\/div>\n<\/div>\t\t<\/div>\n\t\t\t\t<\/div>\n\t\t\t\t<div class=\"elementor-element elementor-element-b63a5a9 elementor-widget elementor-widget-text-editor\" data-id=\"b63a5a9\" data-element_type=\"widget\" data-widget_type=\"text-editor.default\">\n\t\t\t\t<div class=\"elementor-widget-container\">\n\t\t\t\t\t\t\t<p>84,20\u20ac PP. IVA INCL\u00d2S<br \/>MEN\u00da INFANTIL 32,20\u20ac PP. IVA INCL\u00d2S<\/p>\t\t\t\t\t\t<\/div>\n\t\t\t\t<\/div>\n\t\t\t\t<div class=\"elementor-element elementor-element-60e2b55 elementor-widget elementor-widget-text-editor\" data-id=\"60e2b55\" data-element_type=\"widget\" data-widget_type=\"text-editor.default\">\n\t\t\t\t<div class=\"elementor-widget-container\">\n\t\t\t\t\t\t\t<p>(Menors de 12 anys)<\/p>\t\t\t\t\t\t<\/div>\n\t\t\t\t<\/div>\n\t\t\t\t\t<\/div>\n\t\t<\/div>\n\t\t\t\t\t<\/div>\n\t\t<\/section>\n\t\t\t\t<section class=\"has_eae_slider elementor-section elementor-top-section elementor-element elementor-element-18829d0 eltdf-elementor-row-grid-section elementor-section-boxed elementor-section-height-default elementor-section-height-default eltdf-parallax-row-no eltdf-content-aligment-left eltdf-disabled-bg-image-bellow-no\" data-id=\"18829d0\" data-element_type=\"section\">\n\t\t\t\t\t\t\t<div class=\"elementor-background-overlay\"><\/div>\n\t\t\t\t\t\t\t<div class=\"elementor-container elementor-column-gap-default\">\n\t\t\t\t\t<div class=\"has_eae_slider elementor-column elementor-col-100 elementor-top-column elementor-element elementor-element-68dbee5\" data-id=\"68dbee5\" data-element_type=\"column\">\n\t\t\t<div class=\"elementor-widget-wrap elementor-element-populated\">\n\t\t\t\t\t\t<div class=\"elementor-element elementor-element-a8d28a0 elementor-widget elementor-widget-eltdf_section_title\" data-id=\"a8d28a0\" data-element_type=\"widget\" data-widget_type=\"eltdf_section_title.default\">\n\t\t\t\t<div class=\"elementor-widget-container\">\n\t\t\t<div class=\"eltdf-section-title-holder    \" style=\"text-align: center\">\n\t<div class=\"eltdf-st-inner\">\n        \t\t            <div class=\"eltdf-st-title-holder\">\n                                    <div class=\"decor\"><svg xmlns=\"http:\/\/www.w3.org\/2000\/svg\" width=\"41.125\" height=\"9.146\">\n                            <path fill=\"none\" stroke=\"#9C7C57\" stroke-miterlimit=\"10\" d=\"M40.881 8.576L20.562.591.244 8.576\"\/>\n                            <path fill=\"none\" stroke=\"#9C7C57\" stroke-miterlimit=\"10\" d=\"M40.881.591L20.562 8.576.243.591\"\/>\n                        <\/svg><\/div>\n                                <h2 class=\"eltdf-st-title\" >\n                    Men\u00fa de Sant Esteve                <\/h2>\n                                    <div class=\"decor\"><svg xmlns=\"http:\/\/www.w3.org\/2000\/svg\" width=\"41.125\" height=\"9.146\">\n                            <path fill=\"none\" stroke=\"#9C7C57\" stroke-miterlimit=\"10\" d=\"M40.881 8.576L20.562.591.244 8.576\"\/>\n                            <path fill=\"none\" stroke=\"#9C7C57\" stroke-miterlimit=\"10\" d=\"M40.881.591L20.562 8.576.243.591\"\/>\n                        <\/svg><\/div>\n                            <\/div>\n\t\t\t\t\t\t\t<\/div>\n<\/div>\t\t<\/div>\n\t\t\t\t<\/div>\n\t\t\t\t<div class=\"elementor-element elementor-element-ddf51b8 elementor-widget elementor-widget-eltdf_section_title\" data-id=\"ddf51b8\" data-element_type=\"widget\" data-widget_type=\"eltdf_section_title.default\">\n\t\t\t\t<div class=\"elementor-widget-container\">\n\t\t\t<div class=\"eltdf-section-title-holder    \" style=\"text-align: center\">\n\t<div class=\"eltdf-st-inner\">\n        \t\t            <div class=\"eltdf-st-title-holder\">\n                                <h5 class=\"eltdf-st-title\" >\n                    Aperitiu                <\/h5>\n                            <\/div>\n\t\t\t\t\t\t\t<p class=\"eltdf-st-text\" >\n\t\t\t\tCroqueta cremosa de pernil ib\u00e8ric<br>Gotet de crem\u00f3s de foie i compota de pera\t\t\t<\/p>\n\t\t\t\t\t<\/div>\n<\/div>\t\t<\/div>\n\t\t\t\t<\/div>\n\t\t\t\t<div class=\"elementor-element elementor-element-82a2621 elementor-widget elementor-widget-eltdf_section_title\" data-id=\"82a2621\" data-element_type=\"widget\" data-widget_type=\"eltdf_section_title.default\">\n\t\t\t\t<div class=\"elementor-widget-container\">\n\t\t\t<div class=\"eltdf-section-title-holder    \" style=\"text-align: center\">\n\t<div class=\"eltdf-st-inner\">\n        \t\t            <div class=\"eltdf-st-title-holder\">\n                                <h5 class=\"eltdf-st-title\" >\n                    Primer plat                <\/h5>\n                            <\/div>\n\t\t\t\t\t\t\t<p class=\"eltdf-st-text\" >\n\t\t\t\tCanelons tradicionals gratinats amb beixamel trufada<br>o<br>Crema d'escamarlans amb llagostins cruixents i verduretes<br>o<br>Timbal d'alvocat, tom\u00e0quet i salm\u00f3 fumat amb amanida i vinagreta de verduretes i maduixots\t\t\t<\/p>\n\t\t\t\t\t<\/div>\n<\/div>\t\t<\/div>\n\t\t\t\t<\/div>\n\t\t\t\t<div class=\"elementor-element elementor-element-ddacb5e elementor-widget elementor-widget-eltdf_section_title\" data-id=\"ddacb5e\" data-element_type=\"widget\" data-widget_type=\"eltdf_section_title.default\">\n\t\t\t\t<div class=\"elementor-widget-container\">\n\t\t\t<div class=\"eltdf-section-title-holder    \" style=\"text-align: center\">\n\t<div class=\"eltdf-st-inner\">\n        \t\t            <div class=\"eltdf-st-title-holder\">\n                                <h5 class=\"eltdf-st-title\" >\n                    Plat principal                <\/h5>\n                            <\/div>\n\t\t\t\t\t\t\t<p class=\"eltdf-st-text\" >\n\t\t\t\tBacall\u00e0 amb pebrot vermell rostit i gratinat amb allioli de safr\u00e0, espinacs baby, panses i pinyons<br>o<br>Medallons de filet de vedella a la brasa amb patata gratinat i salsa de foie<br>o<br>Espatlla de xai al forn (cocci\u00f3 12h) amb patata panadera\t\t\t<\/p>\n\t\t\t\t\t<\/div>\n<\/div>\t\t<\/div>\n\t\t\t\t<\/div>\n\t\t\t\t<div class=\"elementor-element elementor-element-569f2ce elementor-widget elementor-widget-eltdf_section_title\" data-id=\"569f2ce\" data-element_type=\"widget\" data-widget_type=\"eltdf_section_title.default\">\n\t\t\t\t<div class=\"elementor-widget-container\">\n\t\t\t<div class=\"eltdf-section-title-holder    \" style=\"text-align: center\">\n\t<div class=\"eltdf-st-inner\">\n        \t\t            <div class=\"eltdf-st-title-holder\">\n                                <h5 class=\"eltdf-st-title\" >\n                    Postres                <\/h5>\n                            <\/div>\n\t\t\t\t\t\t\t<p class=\"eltdf-st-text\" >\n\t\t\t\tCoulant de xocolata amb gelat de vainilla i macad\u00e0mia<br><br>Aigua, caf\u00e8s,tes i infusions<br>Neules i Turrons\t\t\t<\/p>\n\t\t\t\t\t<\/div>\n<\/div>\t\t<\/div>\n\t\t\t\t<\/div>\n\t\t\t\t<div class=\"elementor-element elementor-element-481c85b elementor-widget elementor-widget-eltdf_section_title\" data-id=\"481c85b\" data-element_type=\"widget\" data-widget_type=\"eltdf_section_title.default\">\n\t\t\t\t<div class=\"elementor-widget-container\">\n\t\t\t<div class=\"eltdf-section-title-holder    \" style=\"text-align: center\">\n\t<div class=\"eltdf-st-inner\">\n        \t\t            <div class=\"eltdf-st-title-holder\">\n                                <h5 class=\"eltdf-st-title\" >\n                    Celler                <\/h5>\n                            <\/div>\n\t\t\t\t\t\t\t<p class=\"eltdf-st-text\" >\n\t\t\t\tVi blanc: Analivia (D.O. Rueda)<br>Vi negre: Arnegui Reserva (D.O. Rioja)<br>Cava: Freixenet Vintage Reserva\t\t\t<\/p>\n\t\t\t\t\t<\/div>\n<\/div>\t\t<\/div>\n\t\t\t\t<\/div>\n\t\t\t\t<div class=\"elementor-element elementor-element-5cbf8b3 elementor-widget elementor-widget-text-editor\" data-id=\"5cbf8b3\" data-element_type=\"widget\" data-widget_type=\"text-editor.default\">\n\t\t\t\t<div class=\"elementor-widget-container\">\n\t\t\t\t\t\t\t<p>74,60\u20ac PP. IVA INCL\u00d2S<br \/>MEN\u00da INFANTIL 32,20\u20ac PP. IVA INCL\u00d2S<\/p>\t\t\t\t\t\t<\/div>\n\t\t\t\t<\/div>\n\t\t\t\t<div class=\"elementor-element elementor-element-bf2d762 elementor-widget elementor-widget-text-editor\" data-id=\"bf2d762\" data-element_type=\"widget\" data-widget_type=\"text-editor.default\">\n\t\t\t\t<div class=\"elementor-widget-container\">\n\t\t\t\t\t\t\t<p>(Menors de 12 anys)<\/p>\t\t\t\t\t\t<\/div>\n\t\t\t\t<\/div>\n\t\t\t\t\t<\/div>\n\t\t<\/div>\n\t\t\t\t\t<\/div>\n\t\t<\/section>\n\t\t\t\t<section class=\"has_eae_slider elementor-section elementor-top-section elementor-element elementor-element-192b9d8 eltdf-elementor-row-grid-section elementor-section-boxed elementor-section-height-default elementor-section-height-default eltdf-parallax-row-no eltdf-content-aligment-left eltdf-disabled-bg-image-bellow-no\" data-id=\"192b9d8\" data-element_type=\"section\">\n\t\t\t\t\t\t<div class=\"elementor-container elementor-column-gap-default\">\n\t\t\t\t\t<div class=\"has_eae_slider elementor-column elementor-col-100 elementor-top-column elementor-element elementor-element-3818a39\" data-id=\"3818a39\" data-element_type=\"column\">\n\t\t\t<div class=\"elementor-widget-wrap elementor-element-populated\">\n\t\t\t\t\t\t<div class=\"elementor-element elementor-element-2bd3ae9 elementor-widget elementor-widget-eltdf_section_title\" data-id=\"2bd3ae9\" data-element_type=\"widget\" data-widget_type=\"eltdf_section_title.default\">\n\t\t\t\t<div class=\"elementor-widget-container\">\n\t\t\t<div class=\"eltdf-section-title-holder    \" style=\"text-align: center\">\n\t<div class=\"eltdf-st-inner\">\n        \t\t            <div class=\"eltdf-st-title-holder\">\n                                    <div class=\"decor\"><svg xmlns=\"http:\/\/www.w3.org\/2000\/svg\" width=\"41.125\" height=\"9.146\">\n                            <path fill=\"none\" stroke=\"#9C7C57\" stroke-miterlimit=\"10\" d=\"M40.881 8.576L20.562.591.244 8.576\"\/>\n                            <path fill=\"none\" stroke=\"#9C7C57\" stroke-miterlimit=\"10\" d=\"M40.881.591L20.562 8.576.243.591\"\/>\n                        <\/svg><\/div>\n                                <h2 class=\"eltdf-st-title\" >\n                    Men\u00fa 1 de Gener                <\/h2>\n                                    <div class=\"decor\"><svg xmlns=\"http:\/\/www.w3.org\/2000\/svg\" width=\"41.125\" height=\"9.146\">\n                            <path fill=\"none\" stroke=\"#9C7C57\" stroke-miterlimit=\"10\" d=\"M40.881 8.576L20.562.591.244 8.576\"\/>\n                            <path fill=\"none\" stroke=\"#9C7C57\" stroke-miterlimit=\"10\" d=\"M40.881.591L20.562 8.576.243.591\"\/>\n                        <\/svg><\/div>\n                            <\/div>\n\t\t\t\t\t\t\t<\/div>\n<\/div>\t\t<\/div>\n\t\t\t\t<\/div>\n\t\t\t\t<div class=\"elementor-element elementor-element-e038022 elementor-widget elementor-widget-eltdf_section_title\" data-id=\"e038022\" data-element_type=\"widget\" data-widget_type=\"eltdf_section_title.default\">\n\t\t\t\t<div class=\"elementor-widget-container\">\n\t\t\t<div class=\"eltdf-section-title-holder    \" style=\"text-align: center\">\n\t<div class=\"eltdf-st-inner\">\n        \t\t            <div class=\"eltdf-st-title-holder\">\n                                <h5 class=\"eltdf-st-title\" >\n                    Primer plat                <\/h5>\n                            <\/div>\n\t\t\t\t\t\t\t<p class=\"eltdf-st-text\" >\n\t\t\t\tCrema d'escamarlans amb llagostins cruixents i verduretes<br>o<br>Ous estrellats amb encenalls de pernil ib\u00e8ric<br>o<br>Carpaccio de pop amb patates confitades, papada i vinagreta de pebre vermell\t\t\t<\/p>\n\t\t\t\t\t<\/div>\n<\/div>\t\t<\/div>\n\t\t\t\t<\/div>\n\t\t\t\t<div class=\"elementor-element elementor-element-8a6db0a elementor-widget elementor-widget-eltdf_section_title\" data-id=\"8a6db0a\" data-element_type=\"widget\" data-widget_type=\"eltdf_section_title.default\">\n\t\t\t\t<div class=\"elementor-widget-container\">\n\t\t\t<div class=\"eltdf-section-title-holder    \" style=\"text-align: center\">\n\t<div class=\"eltdf-st-inner\">\n        \t\t            <div class=\"eltdf-st-title-holder\">\n                                <h5 class=\"eltdf-st-title\" >\n                    Plat principal                <\/h5>\n                            <\/div>\n\t\t\t\t\t\t\t<p class=\"eltdf-st-text\" >\n\t\t\t\tTronc de llu\u00e7 amb crema suau d'all i farigola amb wok de verdures<br>o<br>Mel\u00f3s de vedella (cocci\u00f3 12h) amb crem\u00f3s de patata trufada i salsa porto<br>o&lt;br&lt;Espatlleta de xai al forn (cocci\u00f3 12h) amb patata panadera\t\t\t<\/p>\n\t\t\t\t\t<\/div>\n<\/div>\t\t<\/div>\n\t\t\t\t<\/div>\n\t\t\t\t<div class=\"elementor-element elementor-element-b4ff830 elementor-widget elementor-widget-eltdf_section_title\" data-id=\"b4ff830\" data-element_type=\"widget\" data-widget_type=\"eltdf_section_title.default\">\n\t\t\t\t<div class=\"elementor-widget-container\">\n\t\t\t<div class=\"eltdf-section-title-holder    \" style=\"text-align: center\">\n\t<div class=\"eltdf-st-inner\">\n        \t\t            <div class=\"eltdf-st-title-holder\">\n                                <h5 class=\"eltdf-st-title\" >\n                    Postres                <\/h5>\n                            <\/div>\n\t\t\t\t\t\t\t<p class=\"eltdf-st-text\" >\n\t\t\t\tMousse de tres xocolates amb griottes i gelat d'avellana<br><br>Aigua, caf\u00e8s, tes i infusions\t\t\t<\/p>\n\t\t\t\t\t<\/div>\n<\/div>\t\t<\/div>\n\t\t\t\t<\/div>\n\t\t\t\t<div class=\"elementor-element elementor-element-5dd7bfc elementor-widget elementor-widget-eltdf_section_title\" data-id=\"5dd7bfc\" data-element_type=\"widget\" data-widget_type=\"eltdf_section_title.default\">\n\t\t\t\t<div class=\"elementor-widget-container\">\n\t\t\t<div class=\"eltdf-section-title-holder    \" style=\"text-align: center\">\n\t<div class=\"eltdf-st-inner\">\n        \t\t            <div class=\"eltdf-st-title-holder\">\n                                <h5 class=\"eltdf-st-title\" >\n                    Celler                <\/h5>\n                            <\/div>\n\t\t\t\t\t\t\t<p class=\"eltdf-st-text\" >\n\t\t\t\tVi blanc: Analivia (D.O. Rueda)<br>Vi negre: Arnegui Reserva (D.O. Rioja)<br>Cava: Freixenet Vintage Reserva\t\t\t<\/p>\n\t\t\t\t\t<\/div>\n<\/div>\t\t<\/div>\n\t\t\t\t<\/div>\n\t\t\t\t<div class=\"elementor-element elementor-element-1d71162 elementor-widget elementor-widget-text-editor\" data-id=\"1d71162\" data-element_type=\"widget\" data-widget_type=\"text-editor.default\">\n\t\t\t\t<div class=\"elementor-widget-container\">\n\t\t\t\t\t\t\t<p>58,80\u20ac PP. IVA INCL\u00d2S<br \/>MEN\u00da INFANTIL 32,20\u20ac PP. IVA INCL\u00d2S<\/p>\t\t\t\t\t\t<\/div>\n\t\t\t\t<\/div>\n\t\t\t\t<div class=\"elementor-element elementor-element-13d7a17 elementor-widget elementor-widget-text-editor\" data-id=\"13d7a17\" data-element_type=\"widget\" data-widget_type=\"text-editor.default\">\n\t\t\t\t<div class=\"elementor-widget-container\">\n\t\t\t\t\t\t\t(Menors de 12 anys)\t\t\t\t\t\t<\/div>\n\t\t\t\t<\/div>\n\t\t\t\t\t<\/div>\n\t\t<\/div>\n\t\t\t\t\t<\/div>\n\t\t<\/section>\n\t\t\t\t<section class=\"has_eae_slider elementor-section elementor-top-section elementor-element elementor-element-2a95e6c eltdf-elementor-row-grid-section elementor-section-boxed elementor-section-height-default elementor-section-height-default eltdf-parallax-row-no eltdf-content-aligment-left eltdf-disabled-bg-image-bellow-no\" data-id=\"2a95e6c\" data-element_type=\"section\">\n\t\t\t\t\t\t\t<div class=\"elementor-background-overlay\"><\/div>\n\t\t\t\t\t\t\t<div class=\"elementor-container elementor-column-gap-default\">\n\t\t\t\t\t<div class=\"has_eae_slider elementor-column elementor-col-100 elementor-top-column elementor-element elementor-element-f47e733\" data-id=\"f47e733\" data-element_type=\"column\">\n\t\t\t<div class=\"elementor-widget-wrap elementor-element-populated\">\n\t\t\t\t\t\t<div class=\"elementor-element elementor-element-a00edfe elementor-widget elementor-widget-eltdf_section_title\" data-id=\"a00edfe\" data-element_type=\"widget\" data-widget_type=\"eltdf_section_title.default\">\n\t\t\t\t<div class=\"elementor-widget-container\">\n\t\t\t<div class=\"eltdf-section-title-holder    \" style=\"text-align: center\">\n\t<div class=\"eltdf-st-inner\">\n        \t\t            <div class=\"eltdf-st-title-holder\">\n                                    <div class=\"decor\"><svg xmlns=\"http:\/\/www.w3.org\/2000\/svg\" width=\"41.125\" height=\"9.146\">\n                            <path fill=\"none\" stroke=\"#9C7C57\" stroke-miterlimit=\"10\" d=\"M40.881 8.576L20.562.591.244 8.576\"\/>\n                            <path fill=\"none\" stroke=\"#9C7C57\" stroke-miterlimit=\"10\" d=\"M40.881.591L20.562 8.576.243.591\"\/>\n                        <\/svg><\/div>\n                                <h2 class=\"eltdf-st-title\" >\n                    Men\u00fa Dia de Reis                <\/h2>\n                                    <div class=\"decor\"><svg xmlns=\"http:\/\/www.w3.org\/2000\/svg\" width=\"41.125\" height=\"9.146\">\n                            <path fill=\"none\" stroke=\"#9C7C57\" stroke-miterlimit=\"10\" d=\"M40.881 8.576L20.562.591.244 8.576\"\/>\n                            <path fill=\"none\" stroke=\"#9C7C57\" stroke-miterlimit=\"10\" d=\"M40.881.591L20.562 8.576.243.591\"\/>\n                        <\/svg><\/div>\n                            <\/div>\n\t\t\t\t\t\t\t<\/div>\n<\/div>\t\t<\/div>\n\t\t\t\t<\/div>\n\t\t\t\t<div class=\"elementor-element elementor-element-29e4a81 elementor-widget elementor-widget-eltdf_section_title\" data-id=\"29e4a81\" data-element_type=\"widget\" data-widget_type=\"eltdf_section_title.default\">\n\t\t\t\t<div class=\"elementor-widget-container\">\n\t\t\t<div class=\"eltdf-section-title-holder    \" style=\"text-align: center\">\n\t<div class=\"eltdf-st-inner\">\n        \t\t            <div class=\"eltdf-st-title-holder\">\n                                <h5 class=\"eltdf-st-title\" >\n                    Primer plat                <\/h5>\n                            <\/div>\n\t\t\t\t\t\t\t<p class=\"eltdf-st-text\" >\n\t\t\t\tCanelons de carn tradicionals gratinats<br>o<br>Patates farcides de bacall\u00e0 i gambes gratinades amb allioli de crustacis<br>o<br>Amanida de cranc reial noruec amb c\u00edtrics i vinagreta de t\u00f2fona\t\t\t<\/p>\n\t\t\t\t\t<\/div>\n<\/div>\t\t<\/div>\n\t\t\t\t<\/div>\n\t\t\t\t<div class=\"elementor-element elementor-element-d7f8c3c elementor-widget elementor-widget-eltdf_section_title\" data-id=\"d7f8c3c\" data-element_type=\"widget\" data-widget_type=\"eltdf_section_title.default\">\n\t\t\t\t<div class=\"elementor-widget-container\">\n\t\t\t<div class=\"eltdf-section-title-holder    \" style=\"text-align: center\">\n\t<div class=\"eltdf-st-inner\">\n        \t\t            <div class=\"eltdf-st-title-holder\">\n                                <h5 class=\"eltdf-st-title\" >\n                    Plat principal                <\/h5>\n                            <\/div>\n\t\t\t\t\t\t\t<p class=\"eltdf-st-text\" >\n\t\t\t\tConfit d'\u00e0nec amb poma en tres coccions i salsa de bolets<br>o<br>Secret ib\u00e8ric a la brasa amb foie a la sal i crem\u00f3s de carbassa\t\t\t<\/p>\n\t\t\t\t\t<\/div>\n<\/div>\t\t<\/div>\n\t\t\t\t<\/div>\n\t\t\t\t<div class=\"elementor-element elementor-element-c12c202 elementor-widget elementor-widget-eltdf_section_title\" data-id=\"c12c202\" data-element_type=\"widget\" data-widget_type=\"eltdf_section_title.default\">\n\t\t\t\t<div class=\"elementor-widget-container\">\n\t\t\t<div class=\"eltdf-section-title-holder    \" style=\"text-align: center\">\n\t<div class=\"eltdf-st-inner\">\n        \t\t            <div class=\"eltdf-st-title-holder\">\n                                <h5 class=\"eltdf-st-title\" >\n                    Postres                <\/h5>\n                            <\/div>\n\t\t\t\t\t\t\t<p class=\"eltdf-st-text\" >\n\t\t\t\tTortell de reis<br><br>Aigua, caf\u00e8s, tes i infusions\t\t\t<\/p>\n\t\t\t\t\t<\/div>\n<\/div>\t\t<\/div>\n\t\t\t\t<\/div>\n\t\t\t\t<div class=\"elementor-element elementor-element-fd72fc8 elementor-widget elementor-widget-eltdf_section_title\" data-id=\"fd72fc8\" data-element_type=\"widget\" data-widget_type=\"eltdf_section_title.default\">\n\t\t\t\t<div class=\"elementor-widget-container\">\n\t\t\t<div class=\"eltdf-section-title-holder    \" style=\"text-align: center\">\n\t<div class=\"eltdf-st-inner\">\n        \t\t            <div class=\"eltdf-st-title-holder\">\n                                <h5 class=\"eltdf-st-title\" >\n                    Celler                <\/h5>\n                            <\/div>\n\t\t\t\t\t\t\t<p class=\"eltdf-st-text\" >\n\t\t\t\tVi blanc: Analivia (D.O. Rueda)<br>Vi negre: Arnegui Reserva (D.O. Rioja)<br>Cava: Freixenet Vintage Reserva\t\t\t<\/p>\n\t\t\t\t\t<\/div>\n<\/div>\t\t<\/div>\n\t\t\t\t<\/div>\n\t\t\t\t<div class=\"elementor-element elementor-element-21ea1a9 elementor-widget elementor-widget-text-editor\" data-id=\"21ea1a9\" data-element_type=\"widget\" data-widget_type=\"text-editor.default\">\n\t\t\t\t<div class=\"elementor-widget-container\">\n\t\t\t\t\t\t\t<p>49,60\u20ac PP. IVA INCL\u00d2S<br \/>MEN\u00da INFANTIL 32,20\u20ac PP. IVA INCL\u00d2S<\/p>\t\t\t\t\t\t<\/div>\n\t\t\t\t<\/div>\n\t\t\t\t<div class=\"elementor-element elementor-element-8b19231 elementor-widget elementor-widget-text-editor\" data-id=\"8b19231\" data-element_type=\"widget\" data-widget_type=\"text-editor.default\">\n\t\t\t\t<div class=\"elementor-widget-container\">\n\t\t\t\t\t\t\t<p>(Menors de 12 anys)<\/p>\t\t\t\t\t\t<\/div>\n\t\t\t\t<\/div>\n\t\t\t\t\t<\/div>\n\t\t<\/div>\n\t\t\t\t\t<\/div>\n\t\t<\/section>\n\t\t\t\t<section class=\"has_eae_slider elementor-section elementor-top-section elementor-element elementor-element-3fdcb0c eltdf-elementor-row-grid-section elementor-section-boxed elementor-section-height-default elementor-section-height-default eltdf-parallax-row-no eltdf-content-aligment-left eltdf-disabled-bg-image-bellow-no\" data-id=\"3fdcb0c\" data-element_type=\"section\">\n\t\t\t\t\t\t<div class=\"elementor-container elementor-column-gap-default\">\n\t\t\t\t\t<div class=\"has_eae_slider elementor-column elementor-col-100 elementor-top-column elementor-element elementor-element-598e8b8\" data-id=\"598e8b8\" data-element_type=\"column\">\n\t\t\t<div class=\"elementor-widget-wrap elementor-element-populated\">\n\t\t\t\t\t\t<div class=\"elementor-element elementor-element-b9ab086 elementor-widget elementor-widget-eltdf_section_title\" data-id=\"b9ab086\" data-element_type=\"widget\" data-widget_type=\"eltdf_section_title.default\">\n\t\t\t\t<div class=\"elementor-widget-container\">\n\t\t\t<div class=\"eltdf-section-title-holder    \" style=\"text-align: center\">\n\t<div class=\"eltdf-st-inner\">\n        \t\t            <div class=\"eltdf-st-title-holder\">\n                                    <div class=\"decor\"><svg xmlns=\"http:\/\/www.w3.org\/2000\/svg\" width=\"41.125\" height=\"9.146\">\n                            <path fill=\"none\" stroke=\"#9C7C57\" stroke-miterlimit=\"10\" d=\"M40.881 8.576L20.562.591.244 8.576\"\/>\n                            <path fill=\"none\" stroke=\"#9C7C57\" stroke-miterlimit=\"10\" d=\"M40.881.591L20.562 8.576.243.591\"\/>\n                        <\/svg><\/div>\n                                <h2 class=\"eltdf-st-title\" >\n                    Men\u00fa Infantil                <\/h2>\n                                    <div class=\"decor\"><svg xmlns=\"http:\/\/www.w3.org\/2000\/svg\" width=\"41.125\" height=\"9.146\">\n                            <path fill=\"none\" stroke=\"#9C7C57\" stroke-miterlimit=\"10\" d=\"M40.881 8.576L20.562.591.244 8.576\"\/>\n                            <path fill=\"none\" stroke=\"#9C7C57\" stroke-miterlimit=\"10\" d=\"M40.881.591L20.562 8.576.243.591\"\/>\n                        <\/svg><\/div>\n                            <\/div>\n\t\t\t\t\t\t\t<\/div>\n<\/div>\t\t<\/div>\n\t\t\t\t<\/div>\n\t\t\t\t<div class=\"elementor-element elementor-element-b77640b elementor-widget elementor-widget-eltdf_section_title\" data-id=\"b77640b\" data-element_type=\"widget\" data-widget_type=\"eltdf_section_title.default\">\n\t\t\t\t<div class=\"elementor-widget-container\">\n\t\t\t<div class=\"eltdf-section-title-holder    \" style=\"text-align: center\">\n\t<div class=\"eltdf-st-inner\">\n        \t\t            <div class=\"eltdf-st-title-holder\">\n                                <h5 class=\"eltdf-st-title\" >\n                    Primer plat                <\/h5>\n                            <\/div>\n\t\t\t\t\t\t\t<p class=\"eltdf-st-text\" >\n\t\t\t\tSopa de Nadal amb galets i mandonguilles<br>o<br>Canelons tradicionals gratinats amb formatge<br>o<br>Macarrons amb sofregit natural i carn picada\t\t\t<\/p>\n\t\t\t\t\t<\/div>\n<\/div>\t\t<\/div>\n\t\t\t\t<\/div>\n\t\t\t\t<div class=\"elementor-element elementor-element-a10076b elementor-widget elementor-widget-eltdf_section_title\" data-id=\"a10076b\" data-element_type=\"widget\" data-widget_type=\"eltdf_section_title.default\">\n\t\t\t\t<div class=\"elementor-widget-container\">\n\t\t\t<div class=\"eltdf-section-title-holder    \" style=\"text-align: center\">\n\t<div class=\"eltdf-st-inner\">\n        \t\t            <div class=\"eltdf-st-title-holder\">\n                                <h5 class=\"eltdf-st-title\" >\n                    Plat principal                <\/h5>\n                            <\/div>\n\t\t\t\t\t\t\t<p class=\"eltdf-st-text\" >\n\t\t\t\tCostelles i mitjanes de xai a la brasa amb patates fregides<br>o<br>Filets de llenguado a la planxa amb milfulls de patata gratinats i tom\u00e0quet al forn<br>o<br>Escalopa de pollastre amb patates fregides\t\t\t<\/p>\n\t\t\t\t\t<\/div>\n<\/div>\t\t<\/div>\n\t\t\t\t<\/div>\n\t\t\t\t<div class=\"elementor-element elementor-element-cc9354c elementor-widget elementor-widget-eltdf_section_title\" data-id=\"cc9354c\" data-element_type=\"widget\" data-widget_type=\"eltdf_section_title.default\">\n\t\t\t\t<div class=\"elementor-widget-container\">\n\t\t\t<div class=\"eltdf-section-title-holder    \" style=\"text-align: center\">\n\t<div class=\"eltdf-st-inner\">\n        \t\t            <div class=\"eltdf-st-title-holder\">\n                                <h5 class=\"eltdf-st-title\" >\n                    Postres                <\/h5>\n                            <\/div>\n\t\t\t\t\t\t\t<p class=\"eltdf-st-text\" >\n\t\t\t\tGelats variats<br>***<br><br>Aigua mineral<br>Refrescs\t\t\t<\/p>\n\t\t\t\t\t<\/div>\n<\/div>\t\t<\/div>\n\t\t\t\t<\/div>\n\t\t\t\t<div class=\"elementor-element elementor-element-eedb35f elementor-widget elementor-widget-text-editor\" data-id=\"eedb35f\" data-element_type=\"widget\" data-widget_type=\"text-editor.default\">\n\t\t\t\t<div class=\"elementor-widget-container\">\n\t\t\t\t\t\t\t<p>(Menors de 12 anys)<\/p>\t\t\t\t\t\t<\/div>\n\t\t\t\t<\/div>\n\t\t\t\t\t<\/div>\n\t\t<\/div>\n\t\t\t\t\t<\/div>\n\t\t<\/section>\n\t\t\t\t<section class=\"has_eae_slider elementor-section elementor-top-section elementor-element elementor-element-89764c5 eltdf-elementor-row-grid-section elementor-section-boxed elementor-section-height-default elementor-section-height-default eltdf-parallax-row-no eltdf-content-aligment-left eltdf-disabled-bg-image-bellow-no\" data-id=\"89764c5\" data-element_type=\"section\">\n\t\t\t\t\t\t\t<div class=\"elementor-background-overlay\"><\/div>\n\t\t\t\t\t\t\t<div class=\"elementor-container elementor-column-gap-default\">\n\t\t\t\t\t<div class=\"has_eae_slider elementor-column elementor-col-100 elementor-top-column elementor-element elementor-element-07da2b4\" data-id=\"07da2b4\" data-element_type=\"column\">\n\t\t\t<div class=\"elementor-widget-wrap elementor-element-populated\">\n\t\t\t\t\t\t<div class=\"elementor-element elementor-element-9add871 elementor-widget elementor-widget-eltdf_section_title\" data-id=\"9add871\" data-element_type=\"widget\" data-widget_type=\"eltdf_section_title.default\">\n\t\t\t\t<div class=\"elementor-widget-container\">\n\t\t\t<div class=\"eltdf-section-title-holder    \" style=\"text-align: center\">\n\t<div class=\"eltdf-st-inner\">\n        \t\t            <div class=\"eltdf-st-title-holder\">\n                                    <div class=\"decor\"><svg xmlns=\"http:\/\/www.w3.org\/2000\/svg\" width=\"41.125\" height=\"9.146\">\n                            <path fill=\"none\" stroke=\"#9C7C57\" stroke-miterlimit=\"10\" d=\"M40.881 8.576L20.562.591.244 8.576\"\/>\n                            <path fill=\"none\" stroke=\"#9C7C57\" stroke-miterlimit=\"10\" d=\"M40.881.591L20.562 8.576.243.591\"\/>\n                        <\/svg><\/div>\n                                <h2 class=\"eltdf-st-title\" >\n                    Men\u00fa Vegetari\u00e0                <\/h2>\n                                    <div class=\"decor\"><svg xmlns=\"http:\/\/www.w3.org\/2000\/svg\" width=\"41.125\" height=\"9.146\">\n                            <path fill=\"none\" stroke=\"#9C7C57\" stroke-miterlimit=\"10\" d=\"M40.881 8.576L20.562.591.244 8.576\"\/>\n                            <path fill=\"none\" stroke=\"#9C7C57\" stroke-miterlimit=\"10\" d=\"M40.881.591L20.562 8.576.243.591\"\/>\n                        <\/svg><\/div>\n                            <\/div>\n\t\t\t\t\t\t\t<\/div>\n<\/div>\t\t<\/div>\n\t\t\t\t<\/div>\n\t\t\t\t<div class=\"elementor-element elementor-element-65ac181 elementor-widget elementor-widget-eltdf_section_title\" data-id=\"65ac181\" data-element_type=\"widget\" data-widget_type=\"eltdf_section_title.default\">\n\t\t\t\t<div class=\"elementor-widget-container\">\n\t\t\t<div class=\"eltdf-section-title-holder    \" style=\"text-align: center\">\n\t<div class=\"eltdf-st-inner\">\n        \t\t            <div class=\"eltdf-st-title-holder\">\n                                <h5 class=\"eltdf-st-title\" >\n                    Primer plat                <\/h5>\n                            <\/div>\n\t\t\t\t\t\t\t<p class=\"eltdf-st-text\" >\n\t\t\t\tCrema de carbassa amb crostons i esp\u00e0rrecs<br>o<br>Amanida de ruca amb pera, nous, pames\u00e0 i pesto d'alf\u00e0brega\t\t\t<\/p>\n\t\t\t\t\t<\/div>\n<\/div>\t\t<\/div>\n\t\t\t\t<\/div>\n\t\t\t\t<div class=\"elementor-element elementor-element-0a64e45 elementor-widget elementor-widget-eltdf_section_title\" data-id=\"0a64e45\" data-element_type=\"widget\" data-widget_type=\"eltdf_section_title.default\">\n\t\t\t\t<div class=\"elementor-widget-container\">\n\t\t\t<div class=\"eltdf-section-title-holder    \" style=\"text-align: center\">\n\t<div class=\"eltdf-st-inner\">\n        \t\t            <div class=\"eltdf-st-title-holder\">\n                                <h5 class=\"eltdf-st-title\" >\n                    Plat principal                <\/h5>\n                            <\/div>\n\t\t\t\t\t\t\t<p class=\"eltdf-st-text\" >\n\t\t\t\tLasanya de verdures de temporada gratinats amb pasitas i pinyons<br>o<br>Canelons de bolets silvestres amb samfaina de verdures\t\t\t<\/p>\n\t\t\t\t\t<\/div>\n<\/div>\t\t<\/div>\n\t\t\t\t<\/div>\n\t\t\t\t<div class=\"elementor-element elementor-element-aa9a3c9 elementor-widget elementor-widget-eltdf_section_title\" data-id=\"aa9a3c9\" data-element_type=\"widget\" data-widget_type=\"eltdf_section_title.default\">\n\t\t\t\t<div class=\"elementor-widget-container\">\n\t\t\t<div class=\"eltdf-section-title-holder    \" style=\"text-align: center\">\n\t<div class=\"eltdf-st-inner\">\n        \t\t            <div class=\"eltdf-st-title-holder\">\n                                <h5 class=\"eltdf-st-title\" >\n                    Postres                <\/h5>\n                            <\/div>\n\t\t\t\t\t\t\t<p class=\"eltdf-st-text\" >\n\t\t\t\t***\t\t\t<\/p>\n\t\t\t\t\t<\/div>\n<\/div>\t\t<\/div>\n\t\t\t\t<\/div>\n\t\t\t\t<div class=\"elementor-element elementor-element-8af7c94 elementor-widget elementor-widget-eltdf_section_title\" data-id=\"8af7c94\" data-element_type=\"widget\" data-widget_type=\"eltdf_section_title.default\">\n\t\t\t\t<div class=\"elementor-widget-container\">\n\t\t\t<div class=\"eltdf-section-title-holder    \" style=\"text-align: center\">\n\t<div class=\"eltdf-st-inner\">\n        \t\t            <div class=\"eltdf-st-title-holder\">\n                                <h5 class=\"eltdf-st-title\" >\n                    Celler                <\/h5>\n                            <\/div>\n\t\t\t\t\t\t\t<\/div>\n<\/div>\t\t<\/div>\n\t\t\t\t<\/div>\n\t\t\t\t\t<\/div>\n\t\t<\/div>\n\t\t\t\t\t<\/div>\n\t\t<\/section>\n\t\t\t\t<section class=\"has_eae_slider elementor-section elementor-top-section elementor-element elementor-element-4452570 eltdf-elementor-row-grid-section elementor-section-boxed elementor-section-height-default elementor-section-height-default eltdf-parallax-row-no eltdf-content-aligment-left eltdf-disabled-bg-image-bellow-no\" data-id=\"4452570\" data-element_type=\"section\">\n\t\t\t\t\t\t<div class=\"elementor-container elementor-column-gap-default\">\n\t\t\t\t\t<div class=\"has_eae_slider elementor-column elementor-col-100 elementor-top-column elementor-element elementor-element-ed7060a\" data-id=\"ed7060a\" data-element_type=\"column\">\n\t\t\t<div class=\"elementor-widget-wrap elementor-element-populated\">\n\t\t\t\t\t\t<div class=\"elementor-element elementor-element-612f453 elementor-widget elementor-widget-eltdf_section_title\" data-id=\"612f453\" data-element_type=\"widget\" data-widget_type=\"eltdf_section_title.default\">\n\t\t\t\t<div class=\"elementor-widget-container\">\n\t\t\t<div class=\"eltdf-section-title-holder    \" style=\"text-align: center\">\n\t<div class=\"eltdf-st-inner\">\n        \t\t            <div class=\"eltdf-st-title-holder\">\n                                    <div class=\"decor\"><svg xmlns=\"http:\/\/www.w3.org\/2000\/svg\" width=\"41.125\" height=\"9.146\">\n                            <path fill=\"none\" stroke=\"#9C7C57\" stroke-miterlimit=\"10\" d=\"M40.881 8.576L20.562.591.244 8.576\"\/>\n                            <path fill=\"none\" stroke=\"#9C7C57\" stroke-miterlimit=\"10\" d=\"M40.881.591L20.562 8.576.243.591\"\/>\n                        <\/svg><\/div>\n                                <h2 class=\"eltdf-st-title\" >\n                    Men\u00fa Sense Gluten                <\/h2>\n                                    <div class=\"decor\"><svg xmlns=\"http:\/\/www.w3.org\/2000\/svg\" width=\"41.125\" height=\"9.146\">\n                            <path fill=\"none\" stroke=\"#9C7C57\" stroke-miterlimit=\"10\" d=\"M40.881 8.576L20.562.591.244 8.576\"\/>\n                            <path fill=\"none\" stroke=\"#9C7C57\" stroke-miterlimit=\"10\" d=\"M40.881.591L20.562 8.576.243.591\"\/>\n                        <\/svg><\/div>\n                            <\/div>\n\t\t\t\t\t\t\t<\/div>\n<\/div>\t\t<\/div>\n\t\t\t\t<\/div>\n\t\t\t\t<div class=\"elementor-element elementor-element-46bd243 elementor-widget elementor-widget-eltdf_section_title\" data-id=\"46bd243\" data-element_type=\"widget\" data-widget_type=\"eltdf_section_title.default\">\n\t\t\t\t<div class=\"elementor-widget-container\">\n\t\t\t<div class=\"eltdf-section-title-holder    \" style=\"text-align: center\">\n\t<div class=\"eltdf-st-inner\">\n        \t\t            <div class=\"eltdf-st-title-holder\">\n                                <h5 class=\"eltdf-st-title\" >\n                    Primer plat                <\/h5>\n                            <\/div>\n\t\t\t\t\t\t\t<p class=\"eltdf-st-text\" >\n\t\t\t\tCrema de carbassa amb esp\u00e0rrecs<br>o<br>Amanida de ruca amb Burrata al pesto i maduixots\t\t\t<\/p>\n\t\t\t\t\t<\/div>\n<\/div>\t\t<\/div>\n\t\t\t\t<\/div>\n\t\t\t\t<div class=\"elementor-element elementor-element-f51881f elementor-widget elementor-widget-eltdf_section_title\" data-id=\"f51881f\" data-element_type=\"widget\" data-widget_type=\"eltdf_section_title.default\">\n\t\t\t\t<div class=\"elementor-widget-container\">\n\t\t\t<div class=\"eltdf-section-title-holder    \" style=\"text-align: center\">\n\t<div class=\"eltdf-st-inner\">\n        \t\t            <div class=\"eltdf-st-title-holder\">\n                                <h5 class=\"eltdf-st-title\" >\n                    Plat principal                <\/h5>\n                            <\/div>\n\t\t\t\t\t\t\t<p class=\"eltdf-st-text\" >\n\t\t\t\tEspatlla de Xai rostida a baixa temperatura amb patates confitades<br>o<br>Suprema d'orada amb vinagreta de cebetes perla i crem\u00f3s de patata i t\u00f2fona\t\t\t<\/p>\n\t\t\t\t\t<\/div>\n<\/div>\t\t<\/div>\n\t\t\t\t<\/div>\n\t\t\t\t<div class=\"elementor-element elementor-element-8d4b340 elementor-widget elementor-widget-eltdf_section_title\" data-id=\"8d4b340\" data-element_type=\"widget\" data-widget_type=\"eltdf_section_title.default\">\n\t\t\t\t<div class=\"elementor-widget-container\">\n\t\t\t<div class=\"eltdf-section-title-holder    \" style=\"text-align: center\">\n\t<div class=\"eltdf-st-inner\">\n        \t\t            <div class=\"eltdf-st-title-holder\">\n                                <h5 class=\"eltdf-st-title\" >\n                    Pa sense gluten                <\/h5>\n                            <\/div>\n\t\t\t\t\t\t\t<\/div>\n<\/div>\t\t<\/div>\n\t\t\t\t<\/div>\n\t\t\t\t<div class=\"elementor-element elementor-element-b9a6f6f elementor-widget elementor-widget-eltdf_section_title\" data-id=\"b9a6f6f\" data-element_type=\"widget\" data-widget_type=\"eltdf_section_title.default\">\n\t\t\t\t<div class=\"elementor-widget-container\">\n\t\t\t<div class=\"eltdf-section-title-holder    \" style=\"text-align: center\">\n\t<div class=\"eltdf-st-inner\">\n        \t\t            <div class=\"eltdf-st-title-holder\">\n                                <h5 class=\"eltdf-st-title\" >\n                    Postres                <\/h5>\n                            <\/div>\n\t\t\t\t\t\t\t<p class=\"eltdf-st-text\" >\n\t\t\t\tMassini individual<br>***\t\t\t<\/p>\n\t\t\t\t\t<\/div>\n<\/div>\t\t<\/div>\n\t\t\t\t<\/div>\n\t\t\t\t<div class=\"elementor-element elementor-element-9838987 elementor-widget elementor-widget-eltdf_section_title\" data-id=\"9838987\" data-element_type=\"widget\" data-widget_type=\"eltdf_section_title.default\">\n\t\t\t\t<div class=\"elementor-widget-container\">\n\t\t\t<div class=\"eltdf-section-title-holder    \" style=\"text-align: center\">\n\t<div class=\"eltdf-st-inner\">\n        \t\t            <div class=\"eltdf-st-title-holder\">\n                                <h5 class=\"eltdf-st-title\" >\n                    Celler                <\/h5>\n                            <\/div>\n\t\t\t\t\t\t\t<\/div>\n<\/div>\t\t<\/div>\n\t\t\t\t<\/div>\n\t\t\t\t\t<\/div>\n\t\t<\/div>\n\t\t\t\t\t<\/div>\n\t\t<\/section>\n\t\t\t\t<section class=\"has_eae_slider elementor-section elementor-top-section elementor-element elementor-element-80b891a elementor-section-boxed elementor-section-height-default elementor-section-height-default eltdf-parallax-row-no eltdf-content-aligment-left eltdf-elementor-row-grid-no eltdf-disabled-bg-image-bellow-no\" data-id=\"80b891a\" data-element_type=\"section\">\n\t\t\t\t\t\t<div class=\"elementor-container elementor-column-gap-default\">\n\t\t\t\t\t<div class=\"has_eae_slider elementor-column elementor-col-100 elementor-top-column elementor-element elementor-element-46723c7\" data-id=\"46723c7\" data-element_type=\"column\">\n\t\t\t<div class=\"elementor-widget-wrap elementor-element-populated\">\n\t\t\t\t\t\t<div class=\"elementor-element elementor-element-5e73cd7 elementor-widget elementor-widget-text-editor\" data-id=\"5e73cd7\" data-element_type=\"widget\" data-widget_type=\"text-editor.default\">\n\t\t\t\t<div class=\"elementor-widget-container\">\n\t\t\t\t\t\t\tLes nostres instal\u00b7lacions no estan lliures de gluten, per\u00f2 aquests plats els podem fer amb les m\u00ednimes traces possibles\t\t\t\t\t\t<\/div>\n\t\t\t\t<\/div>\n\t\t\t\t\t<\/div>\n\t\t<\/div>\n\t\t\t\t\t<\/div>\n\t\t<\/section>\n\t\t\t\t<\/div>\n\t\t","protected":false},"excerpt":{"rendered":"<p>2021 &#8211; 2022 Men\u00fa de nadal Celebra les festes de Nadal amb nosaltres Descarregar la carta Aperitiu Bomb\u00f3 de foie amb chutney de mangoLlagost\u00ed cruixent amb salsa romesco Primer plat Sopa de Nadal amb galets i mandonguillesoAmanida de llagostins sobre [&hellip;]<\/p>\n","protected":false},"author":1,"featured_media":0,"parent":0,"menu_order":0,"comment_status":"closed","ping_status":"closed","template":"full-width.php","meta":{"footnotes":""},"yoast_head":"<!-- This site is optimized with the Yoast SEO plugin v24.5 - https:\/\/yoast.com\/wordpress\/plugins\/seo\/ -->\n<title>Men\u00fa de Nadal - Can Cortada<\/title>\n<meta name=\"robots\" content=\"index, follow, max-snippet:-1, max-image-preview:large, max-video-preview:-1\" \/>\n<link rel=\"canonical\" href=\"https:\/\/cancortada.com\/ca\/menu-de-nadal\/\" \/>\n<meta property=\"og:locale\" content=\"ca_ES\" \/>\n<meta property=\"og:type\" content=\"article\" \/>\n<meta property=\"og:title\" content=\"Men\u00fa de Nadal - Can Cortada\" \/>\n<meta property=\"og:description\" content=\"2021 &#8211; 2022 Men\u00fa de nadal Celebra les festes de Nadal amb nosaltres Descarregar la carta Aperitiu Bomb\u00f3 de foie amb chutney de mangoLlagost\u00ed cruixent amb salsa romesco Primer plat Sopa de Nadal amb galets i mandonguillesoAmanida de llagostins sobre [&hellip;]\" \/>\n<meta property=\"og:url\" content=\"https:\/\/cancortada.com\/ca\/menu-de-nadal\/\" \/>\n<meta property=\"og:site_name\" content=\"Can Cortada\" \/>\n<meta property=\"article:publisher\" content=\"https:\/\/www.facebook.com\/cancortada\/\" \/>\n<meta property=\"article:modified_time\" content=\"2021-10-23T12:18:05+00:00\" \/>\n<meta property=\"og:image\" content=\"https:\/\/cancortada.com\/wp-content\/uploads\/2021\/09\/logo.png\" \/>\n\t<meta property=\"og:image:width\" content=\"241\" \/>\n\t<meta property=\"og:image:height\" content=\"241\" \/>\n\t<meta property=\"og:image:type\" content=\"image\/png\" \/>\n<meta name=\"twitter:card\" content=\"summary_large_image\" \/>\n<meta name=\"twitter:label1\" content=\"Temps estimat de lectura\" \/>\n\t<meta name=\"twitter:data1\" content=\"3 minuts\" \/>\n<script type=\"application\/ld+json\" class=\"yoast-schema-graph\">{\"@context\":\"https:\/\/schema.org\",\"@graph\":[{\"@type\":\"WebPage\",\"@id\":\"https:\/\/cancortada.com\/ca\/menu-de-nadal\/\",\"url\":\"https:\/\/cancortada.com\/ca\/menu-de-nadal\/\",\"name\":\"Men\u00fa de Nadal - Can Cortada\",\"isPartOf\":{\"@id\":\"https:\/\/cancortada.com\/ca\/#website\"},\"datePublished\":\"2020-04-27T08:11:12+00:00\",\"dateModified\":\"2021-10-23T12:18:05+00:00\",\"breadcrumb\":{\"@id\":\"https:\/\/cancortada.com\/ca\/menu-de-nadal\/#breadcrumb\"},\"inLanguage\":\"ca\",\"potentialAction\":[{\"@type\":\"ReadAction\",\"target\":[\"https:\/\/cancortada.com\/ca\/menu-de-nadal\/\"]}]},{\"@type\":\"BreadcrumbList\",\"@id\":\"https:\/\/cancortada.com\/ca\/menu-de-nadal\/#breadcrumb\",\"itemListElement\":[{\"@type\":\"ListItem\",\"position\":1,\"name\":\"Portada\",\"item\":\"https:\/\/cancortada.com\/ca\/\"},{\"@type\":\"ListItem\",\"position\":2,\"name\":\"Men\u00fa de Nadal\"}]},{\"@type\":\"WebSite\",\"@id\":\"https:\/\/cancortada.com\/ca\/#website\",\"url\":\"https:\/\/cancortada.com\/ca\/\",\"name\":\"Can Cortada\",\"description\":\"\",\"publisher\":{\"@id\":\"https:\/\/cancortada.com\/ca\/#organization\"},\"potentialAction\":[{\"@type\":\"SearchAction\",\"target\":{\"@type\":\"EntryPoint\",\"urlTemplate\":\"https:\/\/cancortada.com\/ca\/?s={search_term_string}\"},\"query-input\":{\"@type\":\"PropertyValueSpecification\",\"valueRequired\":true,\"valueName\":\"search_term_string\"}}],\"inLanguage\":\"ca\"},{\"@type\":\"Organization\",\"@id\":\"https:\/\/cancortada.com\/ca\/#organization\",\"name\":\"Can Cortada\",\"url\":\"https:\/\/cancortada.com\/ca\/\",\"logo\":{\"@type\":\"ImageObject\",\"inLanguage\":\"ca\",\"@id\":\"https:\/\/cancortada.com\/ca\/#\/schema\/logo\/image\/\",\"url\":\"https:\/\/cancortada.com\/wp-content\/uploads\/2021\/09\/logo.png\",\"contentUrl\":\"https:\/\/cancortada.com\/wp-content\/uploads\/2021\/09\/logo.png\",\"width\":241,\"height\":241,\"caption\":\"Can Cortada\"},\"image\":{\"@id\":\"https:\/\/cancortada.com\/ca\/#\/schema\/logo\/image\/\"},\"sameAs\":[\"https:\/\/www.facebook.com\/cancortada\/\",\"https:\/\/www.instagram.com\/cancortada\"]}]}<\/script>\n<!-- \/ Yoast SEO plugin. -->","yoast_head_json":{"title":"Men\u00fa de Nadal - Can Cortada","robots":{"index":"index","follow":"follow","max-snippet":"max-snippet:-1","max-image-preview":"max-image-preview:large","max-video-preview":"max-video-preview:-1"},"canonical":"https:\/\/cancortada.com\/ca\/menu-de-nadal\/","og_locale":"ca_ES","og_type":"article","og_title":"Men\u00fa de Nadal - Can Cortada","og_description":"2021 &#8211; 2022 Men\u00fa de nadal Celebra les festes de Nadal amb nosaltres Descarregar la carta Aperitiu Bomb\u00f3 de foie amb chutney de mangoLlagost\u00ed cruixent amb salsa romesco Primer plat Sopa de Nadal amb galets i mandonguillesoAmanida de llagostins sobre [&hellip;]","og_url":"https:\/\/cancortada.com\/ca\/menu-de-nadal\/","og_site_name":"Can Cortada","article_publisher":"https:\/\/www.facebook.com\/cancortada\/","article_modified_time":"2021-10-23T12:18:05+00:00","og_image":[{"width":241,"height":241,"url":"https:\/\/cancortada.com\/wp-content\/uploads\/2021\/09\/logo.png","type":"image\/png"}],"twitter_card":"summary_large_image","twitter_misc":{"Temps estimat de lectura":"3 minuts"},"schema":{"@context":"https:\/\/schema.org","@graph":[{"@type":"WebPage","@id":"https:\/\/cancortada.com\/ca\/menu-de-nadal\/","url":"https:\/\/cancortada.com\/ca\/menu-de-nadal\/","name":"Men\u00fa de Nadal - Can Cortada","isPartOf":{"@id":"https:\/\/cancortada.com\/ca\/#website"},"datePublished":"2020-04-27T08:11:12+00:00","dateModified":"2021-10-23T12:18:05+00:00","breadcrumb":{"@id":"https:\/\/cancortada.com\/ca\/menu-de-nadal\/#breadcrumb"},"inLanguage":"ca","potentialAction":[{"@type":"ReadAction","target":["https:\/\/cancortada.com\/ca\/menu-de-nadal\/"]}]},{"@type":"BreadcrumbList","@id":"https:\/\/cancortada.com\/ca\/menu-de-nadal\/#breadcrumb","itemListElement":[{"@type":"ListItem","position":1,"name":"Portada","item":"https:\/\/cancortada.com\/ca\/"},{"@type":"ListItem","position":2,"name":"Men\u00fa de Nadal"}]},{"@type":"WebSite","@id":"https:\/\/cancortada.com\/ca\/#website","url":"https:\/\/cancortada.com\/ca\/","name":"Can Cortada","description":"","publisher":{"@id":"https:\/\/cancortada.com\/ca\/#organization"},"potentialAction":[{"@type":"SearchAction","target":{"@type":"EntryPoint","urlTemplate":"https:\/\/cancortada.com\/ca\/?s={search_term_string}"},"query-input":{"@type":"PropertyValueSpecification","valueRequired":true,"valueName":"search_term_string"}}],"inLanguage":"ca"},{"@type":"Organization","@id":"https:\/\/cancortada.com\/ca\/#organization","name":"Can Cortada","url":"https:\/\/cancortada.com\/ca\/","logo":{"@type":"ImageObject","inLanguage":"ca","@id":"https:\/\/cancortada.com\/ca\/#\/schema\/logo\/image\/","url":"https:\/\/cancortada.com\/wp-content\/uploads\/2021\/09\/logo.png","contentUrl":"https:\/\/cancortada.com\/wp-content\/uploads\/2021\/09\/logo.png","width":241,"height":241,"caption":"Can Cortada"},"image":{"@id":"https:\/\/cancortada.com\/ca\/#\/schema\/logo\/image\/"},"sameAs":["https:\/\/www.facebook.com\/cancortada\/","https:\/\/www.instagram.com\/cancortada"]}]}},"_links":{"self":[{"href":"https:\/\/cancortada.com\/ca\/wp-json\/wp\/v2\/pages\/6373"}],"collection":[{"href":"https:\/\/cancortada.com\/ca\/wp-json\/wp\/v2\/pages"}],"about":[{"href":"https:\/\/cancortada.com\/ca\/wp-json\/wp\/v2\/types\/page"}],"author":[{"embeddable":true,"href":"https:\/\/cancortada.com\/ca\/wp-json\/wp\/v2\/users\/1"}],"replies":[{"embeddable":true,"href":"https:\/\/cancortada.com\/ca\/wp-json\/wp\/v2\/comments?post=6373"}],"version-history":[{"count":0,"href":"https:\/\/cancortada.com\/ca\/wp-json\/wp\/v2\/pages\/6373\/revisions"}],"wp:attachment":[{"href":"https:\/\/cancortada.com\/ca\/wp-json\/wp\/v2\/media?parent=6373"}],"curies":[{"name":"wp","href":"https:\/\/api.w.org\/{rel}","templated":true}]}}